{"id":49630,"date":"2026-09-03T14:54:17","date_gmt":"2026-09-03T12:54:17","guid":{"rendered":"https:\/\/www.alpleisure.com\/"},"modified":"2026-09-03T17:48:44","modified_gmt":"2026-09-03T15:48:44","slug":"chalet-caro","status":"publish","type":"mphb_room_type","link":"https:\/\/www.alpleisure.com\/fr\/ski-de-luxe\/meribel\/chalet\/chalet-caro\/","title":{"rendered":"Chalet Caro"},"content":{"rendered":"<p>Ce chalet de ski magnifiquement con\u00e7u est un nouvel ajout remarquable \u00e0 M\u00e9ribel, pouvant accueillir jusqu'\u00e0 huit personnes. Des boiseries chaleureuses et des hauts plafonds cr\u00e9ent une atmosph\u00e8re alpine accueillante, tandis que des touches modernes ajoutent une sophistication discr\u00e8te. Imaginez-vous vous d\u00e9tendre dans le bain \u00e0 remous priv\u00e9 apr\u00e8s une journ\u00e9e sur les pistes ou vous r\u00e9unir pour une soir\u00e9e cin\u00e9ma chaleureuse gr\u00e2ce au projecteur ultramoderne. Baign\u00e9 de lumi\u00e8re naturelle et entour\u00e9 de vues imprenables sur les montagnes, ce chalet est un havre de paix propice aux moments de partage et de d\u00e9tente.<\/p>\n<p>\u00c0 l'\u00e9tage sup\u00e9rieur du Chalet Caro se trouve le c\u0153ur de la propri\u00e9t\u00e9, un grand espace de vie dot\u00e9 d'un \u00e9cran de projection de cin\u00e9ma pour regarder vos films pr\u00e9f\u00e9r\u00e9s et d'une chemin\u00e9e \u00e0 bois, offrant le cadre id\u00e9al pour se d\u00e9tendre apr\u00e8s une journ\u00e9e sur les pistes. Les plafonds \u00e0 double hauteur et les grandes portes coulissantes s'ouvrant sur le balcon laissent entrer beaucoup de lumi\u00e8re naturelle et vous permettent de profiter du magnifique paysage de montagne qui s'offre \u00e0 vous. \u00c0 l'\u00e9tage inf\u00e9rieur se trouvent une cuisine ouverte et un coin repas s\u00e9par\u00e9, qui conf\u00e8rent \u00e0 l'espace une atmosph\u00e8re moderne et \u00e9l\u00e9gante. La grande table \u00e0 manger peut accueillir tout le groupe, vous permettant ainsi de savourer ensemble chaque repas somptueux. Un grand bar pour le petit-d\u00e9jeuner et un petit coin salon suppl\u00e9mentaire offrent tous deux un espace de d\u00e9tente confortable si vous souhaitez discuter avec votre cuisinier pendant qu'il s'affaire aux pr\u00e9paratifs du repas du soir.<\/p>\n<p>Depuis cet espace, on acc\u00e8de \u00e0 la terrasse orient\u00e9e au sud dot\u00e9e d'un jacuzzi ext\u00e9rieur, une fa\u00e7on id\u00e9ale de terminer une longue journ\u00e9e sur les pistes pour d\u00e9tendre ses muscles et admirer les splendides vues sur la montagne.<\/p>\n<p>Il y a quatre chambres doubles, qui peuvent toutes \u00eatre configur\u00e9es en lits jumeaux si vous le pr\u00e9f\u00e9rez, dot\u00e9es de salles de bains attenantes. Toutes les chambres du Chalet Caro pr\u00e9sentent un design simple et moderne, avec du bois alpin clair et des lits confortables. La chambre de l'\u00e9tage interm\u00e9diaire dispose d'un acc\u00e8s au balcon et d'une salle de douche attenante. Trois autres chambres se trouvent au rez-de-chauss\u00e9e. Si l'une de ces chambres b\u00e9n\u00e9ficie d'une \u00e9l\u00e9gante salle de bains attenante avec baignoire \u00eelot, les autres disposent chacune d'une salle de douche attenante. Deux de ces chambres ont \u00e9galement un acc\u00e8s au jardin, qui m\u00e8ne par une pente au bain \u00e0 remous.<\/p>","protected":false},"excerpt":{"rendered":"<p>This beautifully crafted ski chalet is a stunning new addition to M\u00e9ribel, offering space for up to eight guests. Warm wood panelling and vaulted ceilings create a welcoming Alpine atmosphere, while modern touches add understated sophistication. Imagine soaking in the [&hellip;]<\/p>\n","protected":false},"featured_media":49775,"menu_order":0,"comment_status":"closed","ping_status":"closed","template":"","mphb_room_type_category":[50,80,91,101],"mphb_room_type_tag":[],"mphb_room_type_facility":[48,177,84],"class_list":["post-49630","mphb_room_type","type-mphb_room_type","status-publish","has-post-thumbnail","hentry","mphb_room_type_category-chalet","mphb_room_type_category-meribel","mphb_room_type_category-self-catered","mphb_room_type_category-ultimate-a-la-carte","mphb_room_type_facility-cinema","mphb_room_type_facility-fast-wifi-fibre-internet-throughout","mphb_room_type_facility-jacuzzi","mphb_ra_location-meribel","mphb-room-type-adults-7","mphb-room-type-children-0",""],"acf":[],"yoast_head":"<!-- This site is optimized with the Yoast SEO plugin v28.4 - https:\/\/yoast.com\/product\/yoast-seo-wordpress\/ -->\n<title>Chalet Caro - Alp Leisure Ltd<\/title>\n<meta name=\"robots\" content=\"index, follow, max-snippet:-1, max-image-preview:large, max-video-preview:-1\" \/>\n<link rel=\"canonical\" href=\"https:\/\/www.alpleisure.com\/fr\/ski-de-luxe\/meribel\/chalet\/chalet-caro\/\" \/>\n<meta property=\"og:locale\" content=\"fr_FR\" \/>\n<meta property=\"og:type\" content=\"article\" \/>\n<meta property=\"og:title\" content=\"Chalet Caro - Alp Leisure Ltd\" \/>\n<meta property=\"og:description\" content=\"This beautifully crafted ski chalet is a stunning new addition to M\u00e9ribel, offering space for up to eight guests. Warm wood panelling and vaulted ceilings create a welcoming Alpine atmosphere, while modern touches add understated sophistication. Imagine soaking in the [&hellip;]\" \/>\n<meta property=\"og:url\" content=\"https:\/\/www.alpleisure.com\/fr\/ski-de-luxe\/meribel\/chalet\/chalet-caro\/\" \/>\n<meta property=\"og:site_name\" content=\"Alp Leisure Ltd\" \/>\n<meta property=\"article:publisher\" content=\"https:\/\/www.facebook.com\/alpleisureltd\/\" \/>\n<meta property=\"article:modified_time\" content=\"2026-09-03T15:48:44+00:00\" \/>\n<meta property=\"og:image\" content=\"https:\/\/www.alpleisure.com\/wp-content\/uploads\/2026\/09\/Luxury-Ski-Chalet-Caro-Meribel-External-Winter.jpg\" \/>\n\t<meta property=\"og:image:width\" content=\"1200\" \/>\n\t<meta property=\"og:image:height\" content=\"900\" \/>\n\t<meta property=\"og:image:type\" content=\"image\/jpeg\" \/>\n<meta name=\"twitter:card\" content=\"summary_large_image\" \/>\n<meta name=\"twitter:site\" content=\"@AlpLeisureLtd\" \/>\n<meta name=\"twitter:label1\" content=\"Dur\u00e9e de lecture estim\u00e9e\" \/>\n\t<meta name=\"twitter:data1\" content=\"2 minutes\" \/>\n<script type=\"application\/ld+json\" class=\"yoast-schema-graph\">{\"@context\":\"https:\\\/\\\/schema.org\",\"@graph\":[{\"@type\":\"WebPage\",\"@id\":\"https:\\\/\\\/www.alpleisure.com\\\/fr\\\/ski-de-luxe\\\/meribel\\\/chalet\\\/chalet-caro\\\/\",\"url\":\"https:\\\/\\\/www.alpleisure.com\\\/fr\\\/ski-de-luxe\\\/meribel\\\/chalet\\\/chalet-caro\\\/\",\"name\":\"Chalet Caro - Alp Leisure Ltd\",\"isPartOf\":{\"@id\":\"https:\\\/\\\/www.alpleisure.com\\\/fr\\\/#website\"},\"primaryImageOfPage\":{\"@id\":\"https:\\\/\\\/www.alpleisure.com\\\/fr\\\/ski-de-luxe\\\/meribel\\\/chalet\\\/chalet-caro\\\/#primaryimage\"},\"image\":{\"@id\":\"https:\\\/\\\/www.alpleisure.com\\\/fr\\\/ski-de-luxe\\\/meribel\\\/chalet\\\/chalet-caro\\\/#primaryimage\"},\"thumbnailUrl\":\"https:\\\/\\\/www.alpleisure.com\\\/wp-content\\\/uploads\\\/2026\\\/09\\\/Luxury-Ski-Chalet-Caro-Meribel-External-Winter.jpg\",\"datePublished\":\"2026-09-03T12:54:17+00:00\",\"dateModified\":\"2026-09-03T15:48:44+00:00\",\"breadcrumb\":{\"@id\":\"https:\\\/\\\/www.alpleisure.com\\\/fr\\\/ski-de-luxe\\\/meribel\\\/chalet\\\/chalet-caro\\\/#breadcrumb\"},\"inLanguage\":\"fr-FR\",\"potentialAction\":[{\"@type\":\"ReadAction\",\"target\":[\"https:\\\/\\\/www.alpleisure.com\\\/fr\\\/ski-de-luxe\\\/meribel\\\/chalet\\\/chalet-caro\\\/\"]}]},{\"@type\":\"ImageObject\",\"inLanguage\":\"fr-FR\",\"@id\":\"https:\\\/\\\/www.alpleisure.com\\\/fr\\\/ski-de-luxe\\\/meribel\\\/chalet\\\/chalet-caro\\\/#primaryimage\",\"url\":\"https:\\\/\\\/www.alpleisure.com\\\/wp-content\\\/uploads\\\/2026\\\/09\\\/Luxury-Ski-Chalet-Caro-Meribel-External-Winter.jpg\",\"contentUrl\":\"https:\\\/\\\/www.alpleisure.com\\\/wp-content\\\/uploads\\\/2026\\\/09\\\/Luxury-Ski-Chalet-Caro-Meribel-External-Winter.jpg\",\"width\":1200,\"height\":900,\"caption\":\"Luxury Ski Chalet Caro Meribel External Winter\"},{\"@type\":\"BreadcrumbList\",\"@id\":\"https:\\\/\\\/www.alpleisure.com\\\/fr\\\/ski-de-luxe\\\/meribel\\\/chalet\\\/chalet-caro\\\/#breadcrumb\",\"itemListElement\":[{\"@type\":\"ListItem\",\"position\":1,\"name\":\"Home\",\"item\":\"https:\\\/\\\/www.alpleisure.com\\\/\"},{\"@type\":\"ListItem\",\"position\":2,\"name\":\"Accommodation Types\",\"item\":\"https:\\\/\\\/www.alpleisure.com\\\/accommodation\\\/\"},{\"@type\":\"ListItem\",\"position\":3,\"name\":\"Chalet Caro\"}]},{\"@type\":\"WebSite\",\"@id\":\"https:\\\/\\\/www.alpleisure.com\\\/fr\\\/#website\",\"url\":\"https:\\\/\\\/www.alpleisure.com\\\/fr\\\/\",\"name\":\"Alp Leisure Ltd\",\"description\":\"Private Luxury Chalets\",\"publisher\":{\"@id\":\"https:\\\/\\\/www.alpleisure.com\\\/fr\\\/#organization\"},\"potentialAction\":[{\"@type\":\"SearchAction\",\"target\":{\"@type\":\"EntryPoint\",\"urlTemplate\":\"https:\\\/\\\/www.alpleisure.com\\\/fr\\\/?s={search_term_string}\"},\"query-input\":{\"@type\":\"PropertyValueSpecification\",\"valueRequired\":true,\"valueName\":\"search_term_string\"}}],\"inLanguage\":\"fr-FR\"},{\"@type\":\"Organization\",\"@id\":\"https:\\\/\\\/www.alpleisure.com\\\/fr\\\/#organization\",\"name\":\"Alp Leisure Ltd\",\"url\":\"https:\\\/\\\/www.alpleisure.com\\\/fr\\\/\",\"logo\":{\"@type\":\"ImageObject\",\"inLanguage\":\"fr-FR\",\"@id\":\"https:\\\/\\\/www.alpleisure.com\\\/fr\\\/#\\\/schema\\\/logo\\\/image\\\/\",\"url\":\"https:\\\/\\\/www.alpleisure.com\\\/wp-content\\\/uploads\\\/2019\\\/06\\\/Alp-Leisure-Black-e1592823739589.gif\",\"contentUrl\":\"https:\\\/\\\/www.alpleisure.com\\\/wp-content\\\/uploads\\\/2019\\\/06\\\/Alp-Leisure-Black-e1592823739589.gif\",\"width\":1000,\"height\":155,\"caption\":\"Alp Leisure Ltd\"},\"image\":{\"@id\":\"https:\\\/\\\/www.alpleisure.com\\\/fr\\\/#\\\/schema\\\/logo\\\/image\\\/\"},\"sameAs\":[\"https:\\\/\\\/www.facebook.com\\\/alpleisureltd\\\/\",\"https:\\\/\\\/x.com\\\/AlpLeisureLtd\",\"https:\\\/\\\/www.instagram.com\\\/alp_leisure_ltd\\\/\",\"https:\\\/\\\/www.linkedin.com\\\/company\\\/5213398\\\/\",\"https:\\\/\\\/www.youtube.com\\\/channel\\\/UCHpxQIr4voEotGnVdeVwRLg\"]}]}<\/script>\n<!-- \/ Yoast SEO plugin. -->","yoast_head_json":{"title":"Chalet Caro - Alp Leisure Ltd","robots":{"index":"index","follow":"follow","max-snippet":"max-snippet:-1","max-image-preview":"max-image-preview:large","max-video-preview":"max-video-preview:-1"},"canonical":"https:\/\/www.alpleisure.com\/fr\/ski-de-luxe\/meribel\/chalet\/chalet-caro\/","og_locale":"fr_FR","og_type":"article","og_title":"Chalet Caro - Alp Leisure Ltd","og_description":"This beautifully crafted ski chalet is a stunning new addition to M\u00e9ribel, offering space for up to eight guests. Warm wood panelling and vaulted ceilings create a welcoming Alpine atmosphere, while modern touches add understated sophistication. Imagine soaking in the [&hellip;]","og_url":"https:\/\/www.alpleisure.com\/fr\/ski-de-luxe\/meribel\/chalet\/chalet-caro\/","og_site_name":"Alp Leisure Ltd","article_publisher":"https:\/\/www.facebook.com\/alpleisureltd\/","article_modified_time":"2026-09-03T15:48:44+00:00","og_image":[{"width":1200,"height":900,"url":"https:\/\/www.alpleisure.com\/wp-content\/uploads\/2026\/09\/Luxury-Ski-Chalet-Caro-Meribel-External-Winter.jpg","type":"image\/jpeg"}],"twitter_card":"summary_large_image","twitter_site":"@AlpLeisureLtd","twitter_misc":{"Dur\u00e9e de lecture estim\u00e9e":"2 minutes"},"schema":{"@context":"https:\/\/schema.org","@graph":[{"@type":"WebPage","@id":"https:\/\/www.alpleisure.com\/fr\/ski-de-luxe\/meribel\/chalet\/chalet-caro\/","url":"https:\/\/www.alpleisure.com\/fr\/ski-de-luxe\/meribel\/chalet\/chalet-caro\/","name":"Chalet Caro - Alp Leisure Ltd","isPartOf":{"@id":"https:\/\/www.alpleisure.com\/fr\/#website"},"primaryImageOfPage":{"@id":"https:\/\/www.alpleisure.com\/fr\/ski-de-luxe\/meribel\/chalet\/chalet-caro\/#primaryimage"},"image":{"@id":"https:\/\/www.alpleisure.com\/fr\/ski-de-luxe\/meribel\/chalet\/chalet-caro\/#primaryimage"},"thumbnailUrl":"https:\/\/www.alpleisure.com\/wp-content\/uploads\/2026\/09\/Luxury-Ski-Chalet-Caro-Meribel-External-Winter.jpg","datePublished":"2026-09-03T12:54:17+00:00","dateModified":"2026-09-03T15:48:44+00:00","breadcrumb":{"@id":"https:\/\/www.alpleisure.com\/fr\/ski-de-luxe\/meribel\/chalet\/chalet-caro\/#breadcrumb"},"inLanguage":"fr-FR","potentialAction":[{"@type":"ReadAction","target":["https:\/\/www.alpleisure.com\/fr\/ski-de-luxe\/meribel\/chalet\/chalet-caro\/"]}]},{"@type":"ImageObject","inLanguage":"fr-FR","@id":"https:\/\/www.alpleisure.com\/fr\/ski-de-luxe\/meribel\/chalet\/chalet-caro\/#primaryimage","url":"https:\/\/www.alpleisure.com\/wp-content\/uploads\/2026\/09\/Luxury-Ski-Chalet-Caro-Meribel-External-Winter.jpg","contentUrl":"https:\/\/www.alpleisure.com\/wp-content\/uploads\/2026\/09\/Luxury-Ski-Chalet-Caro-Meribel-External-Winter.jpg","width":1200,"height":900,"caption":"Luxury Ski Chalet Caro Meribel External Winter"},{"@type":"BreadcrumbList","@id":"https:\/\/www.alpleisure.com\/fr\/ski-de-luxe\/meribel\/chalet\/chalet-caro\/#breadcrumb","itemListElement":[{"@type":"ListItem","position":1,"name":"Home","item":"https:\/\/www.alpleisure.com\/"},{"@type":"ListItem","position":2,"name":"Accommodation Types","item":"https:\/\/www.alpleisure.com\/accommodation\/"},{"@type":"ListItem","position":3,"name":"Chalet Caro"}]},{"@type":"WebSite","@id":"https:\/\/www.alpleisure.com\/fr\/#website","url":"https:\/\/www.alpleisure.com\/fr\/","name":"Alp Leisure Ltd","description":"Chalets de luxe priv\u00e9s","publisher":{"@id":"https:\/\/www.alpleisure.com\/fr\/#organization"},"potentialAction":[{"@type":"SearchAction","target":{"@type":"EntryPoint","urlTemplate":"https:\/\/www.alpleisure.com\/fr\/?s={search_term_string}"},"query-input":{"@type":"PropertyValueSpecification","valueRequired":true,"valueName":"search_term_string"}}],"inLanguage":"fr-FR"},{"@type":"Organization","@id":"https:\/\/www.alpleisure.com\/fr\/#organization","name":"Alp Leisure Ltd","url":"https:\/\/www.alpleisure.com\/fr\/","logo":{"@type":"ImageObject","inLanguage":"fr-FR","@id":"https:\/\/www.alpleisure.com\/fr\/#\/schema\/logo\/image\/","url":"https:\/\/www.alpleisure.com\/wp-content\/uploads\/2019\/06\/Alp-Leisure-Black-e1592823739589.gif","contentUrl":"https:\/\/www.alpleisure.com\/wp-content\/uploads\/2019\/06\/Alp-Leisure-Black-e1592823739589.gif","width":1000,"height":155,"caption":"Alp Leisure Ltd"},"image":{"@id":"https:\/\/www.alpleisure.com\/fr\/#\/schema\/logo\/image\/"},"sameAs":["https:\/\/www.facebook.com\/alpleisureltd\/","https:\/\/x.com\/AlpLeisureLtd","https:\/\/www.instagram.com\/alp_leisure_ltd\/","https:\/\/www.linkedin.com\/company\/5213398\/","https:\/\/www.youtube.com\/channel\/UCHpxQIr4voEotGnVdeVwRLg"]}]}},"permalink_manager":null,"_links":{"self":[{"href":"https:\/\/www.alpleisure.com\/fr\/wp-json\/wp\/v2\/mphb_room_type\/49630","targetHints":{"allow":["GET"]}}],"collection":[{"href":"https:\/\/www.alpleisure.com\/fr\/wp-json\/wp\/v2\/mphb_room_type"}],"about":[{"href":"https:\/\/www.alpleisure.com\/fr\/wp-json\/wp\/v2\/types\/mphb_room_type"}],"replies":[{"embeddable":true,"href":"https:\/\/www.alpleisure.com\/fr\/wp-json\/wp\/v2\/comments?post=49630"}],"wp:featuredmedia":[{"embeddable":true,"href":"https:\/\/www.alpleisure.com\/fr\/wp-json\/wp\/v2\/media\/49775"}],"wp:attachment":[{"href":"https:\/\/www.alpleisure.com\/fr\/wp-json\/wp\/v2\/media?parent=49630"}],"wp:term":[{"taxonomy":"mphb_room_type_category","embeddable":true,"href":"https:\/\/www.alpleisure.com\/fr\/wp-json\/wp\/v2\/mphb_room_type_category?post=49630"},{"taxonomy":"mphb_room_type_tag","embeddable":true,"href":"https:\/\/www.alpleisure.com\/fr\/wp-json\/wp\/v2\/mphb_room_type_tag?post=49630"},{"taxonomy":"mphb_room_type_facility","embeddable":true,"href":"https:\/\/www.alpleisure.com\/fr\/wp-json\/wp\/v2\/mphb_room_type_facility?post=49630"}],"curies":[{"name":"wp","href":"https:\/\/api.w.org\/{rel}","templated":true}]}}