{"id":49630,"date":"2026-09-03T14:54:17","date_gmt":"2026-09-03T12:54:17","guid":{"rendered":"https:\/\/www.alpleisure.com\/"},"modified":"2026-09-03T17:48:44","modified_gmt":"2026-09-03T15:48:44","slug":"chalet-caro","status":"publish","type":"mphb_room_type","link":"https:\/\/www.alpleisure.com\/es\/esqui-de-lujo\/meribel\/chalet\/chalet-caro\/","title":{"rendered":"Chalet Caro"},"content":{"rendered":"<p>Este chalet de esqu\u00ed de dise\u00f1o exquisito es una impresionante incorporaci\u00f3n a M\u00e9ribel, con capacidad para hasta ocho hu\u00e9spedes. Los c\u00e1lidos paneles de madera y los techos abovedados crean un ambiente alpino acogedor, mientras que los detalles modernos aportan una elegancia discreta. Imag\u00ednate sumergirte en la ba\u00f1era de hidromasaje privada despu\u00e9s de un d\u00eda en las pistas o reunirte para una agradable noche de pel\u00edcula con el proyector de \u00faltima generaci\u00f3n. Ba\u00f1ado por la luz natural y rodeado de impresionantes vistas a las monta\u00f1as, este chalet es un refugio sereno para conectar y relajarse.<\/p>\n<p>En el nivel superior del Chalet Caro, encontrar\u00e1 el coraz\u00f3n de la propiedad, un amplio espacio de estar, completo con una pantalla de proyector de cine para ver sus pel\u00edculas favoritas y una chimenea de le\u00f1a, que ofrece el entorno ideal para relajarse despu\u00e9s de un d\u00eda en las pistas. Los techos de doble altura y las grandes puertas correderas que dan al balc\u00f3n aportan mucha luz natural y le permiten disfrutar del hermoso entorno monta\u00f1oso que tiene enfrente. En la planta inferior hay una cocina de concepto abierto y un comedor independientes que desprenden un ambiente moderno y elegante. La espaciosa mesa de comedor es perfecta para acoger a todo el grupo, permitiendo que todos disfruten juntos de cada suntuosa comida. Una amplia barra de desayuno y una peque\u00f1a zona de estar adicional ofrecen un c\u00f3modo espacio de relajaci\u00f3n si desea charlar con su cocinero mientras este se afana en los preparativos de la cena.<\/p>\n<p>Desde este espacio se sale a la terraza orientada al sur con jacuzzi al aire libre, una forma ideal de terminar cualquier d\u00eda largo en las pistas para relajar los m\u00fasculos y admirar las espl\u00e9ndidas vistas a la monta\u00f1a.<\/p>\n<p>Hay cuatro habitaciones dobles, todas las cuales se pueden configurar como camas individuales si lo prefiere, junto con ba\u00f1o privado. Todas las habitaciones del Chalet Caro poseen un dise\u00f1o sencillo y moderno, con madera alpina clara y camas c\u00f3modas. El dormitorio de la planta media tiene acceso a un balc\u00f3n y un ba\u00f1o con ducha en suite. Hay otras tres habitaciones en la planta baja. Mientras que uno de estos dormitorios cuenta con un elegante ba\u00f1o en suite con ba\u00f1era independiente, los dem\u00e1s tienen un ba\u00f1o con ducha en suite. Dos de estos dormitorios tambi\u00e9n tienen acceso al jard\u00edn, que conduce por una pendiente hasta la ba\u00f1era de hidromasaje.<\/p>","protected":false},"excerpt":{"rendered":"<p>This beautifully crafted ski chalet is a stunning new addition to M\u00e9ribel, offering space for up to eight guests. Warm wood panelling and vaulted ceilings create a welcoming Alpine atmosphere, while modern touches add understated sophistication. Imagine soaking in the [&hellip;]<\/p>\n","protected":false},"featured_media":49775,"menu_order":0,"comment_status":"closed","ping_status":"closed","template":"","mphb_room_type_category":[50,80,91,101],"mphb_room_type_tag":[],"mphb_room_type_facility":[48,177,84],"class_list":["post-49630","mphb_room_type","type-mphb_room_type","status-publish","has-post-thumbnail","hentry","mphb_room_type_category-chalet","mphb_room_type_category-meribel","mphb_room_type_category-self-catered","mphb_room_type_category-ultimate-a-la-carte","mphb_room_type_facility-cinema","mphb_room_type_facility-fast-wifi-fibre-internet-throughout","mphb_room_type_facility-jacuzzi","mphb_ra_location-meribel","mphb-room-type-adults-7","mphb-room-type-children-0",""],"acf":[],"yoast_head":"<!-- This site is optimized with the Yoast SEO plugin v28.4 - https:\/\/yoast.com\/product\/yoast-seo-wordpress\/ -->\n<title>Chalet Caro - Alp Leisure Ltd<\/title>\n<meta name=\"robots\" content=\"index, follow, max-snippet:-1, max-image-preview:large, max-video-preview:-1\" \/>\n<link rel=\"canonical\" href=\"https:\/\/www.alpleisure.com\/es\/esqui-de-lujo\/meribel\/chalet\/chalet-caro\/\" \/>\n<meta property=\"og:locale\" content=\"es_ES\" \/>\n<meta property=\"og:type\" content=\"article\" \/>\n<meta property=\"og:title\" content=\"Chalet Caro - Alp Leisure Ltd\" \/>\n<meta property=\"og:description\" content=\"This beautifully crafted ski chalet is a stunning new addition to M\u00e9ribel, offering space for up to eight guests. Warm wood panelling and vaulted ceilings create a welcoming Alpine atmosphere, while modern touches add understated sophistication. Imagine soaking in the [&hellip;]\" \/>\n<meta property=\"og:url\" content=\"https:\/\/www.alpleisure.com\/es\/esqui-de-lujo\/meribel\/chalet\/chalet-caro\/\" \/>\n<meta property=\"og:site_name\" content=\"Alp Leisure Ltd\" \/>\n<meta property=\"article:publisher\" content=\"https:\/\/www.facebook.com\/alpleisureltd\/\" \/>\n<meta property=\"article:modified_time\" content=\"2026-09-03T15:48:44+00:00\" \/>\n<meta property=\"og:image\" content=\"https:\/\/www.alpleisure.com\/wp-content\/uploads\/2026\/09\/Luxury-Ski-Chalet-Caro-Meribel-External-Winter.jpg\" \/>\n\t<meta property=\"og:image:width\" content=\"1200\" \/>\n\t<meta property=\"og:image:height\" content=\"900\" \/>\n\t<meta property=\"og:image:type\" content=\"image\/jpeg\" \/>\n<meta name=\"twitter:card\" content=\"summary_large_image\" \/>\n<meta name=\"twitter:site\" content=\"@AlpLeisureLtd\" \/>\n<meta name=\"twitter:label1\" content=\"Tiempo de lectura\" \/>\n\t<meta name=\"twitter:data1\" content=\"2 minutos\" \/>\n<script type=\"application\/ld+json\" class=\"yoast-schema-graph\">{\"@context\":\"https:\\\/\\\/schema.org\",\"@graph\":[{\"@type\":\"WebPage\",\"@id\":\"https:\\\/\\\/www.alpleisure.com\\\/es\\\/esqui-de-lujo\\\/meribel\\\/chalet\\\/chalet-caro\\\/\",\"url\":\"https:\\\/\\\/www.alpleisure.com\\\/es\\\/esqui-de-lujo\\\/meribel\\\/chalet\\\/chalet-caro\\\/\",\"name\":\"Chalet Caro - Alp Leisure Ltd\",\"isPartOf\":{\"@id\":\"https:\\\/\\\/www.alpleisure.com\\\/es\\\/#website\"},\"primaryImageOfPage\":{\"@id\":\"https:\\\/\\\/www.alpleisure.com\\\/es\\\/esqui-de-lujo\\\/meribel\\\/chalet\\\/chalet-caro\\\/#primaryimage\"},\"image\":{\"@id\":\"https:\\\/\\\/www.alpleisure.com\\\/es\\\/esqui-de-lujo\\\/meribel\\\/chalet\\\/chalet-caro\\\/#primaryimage\"},\"thumbnailUrl\":\"https:\\\/\\\/www.alpleisure.com\\\/wp-content\\\/uploads\\\/2026\\\/09\\\/Luxury-Ski-Chalet-Caro-Meribel-External-Winter.jpg\",\"datePublished\":\"2026-09-03T12:54:17+00:00\",\"dateModified\":\"2026-09-03T15:48:44+00:00\",\"breadcrumb\":{\"@id\":\"https:\\\/\\\/www.alpleisure.com\\\/es\\\/esqui-de-lujo\\\/meribel\\\/chalet\\\/chalet-caro\\\/#breadcrumb\"},\"inLanguage\":\"es\",\"potentialAction\":[{\"@type\":\"ReadAction\",\"target\":[\"https:\\\/\\\/www.alpleisure.com\\\/es\\\/esqui-de-lujo\\\/meribel\\\/chalet\\\/chalet-caro\\\/\"]}]},{\"@type\":\"ImageObject\",\"inLanguage\":\"es\",\"@id\":\"https:\\\/\\\/www.alpleisure.com\\\/es\\\/esqui-de-lujo\\\/meribel\\\/chalet\\\/chalet-caro\\\/#primaryimage\",\"url\":\"https:\\\/\\\/www.alpleisure.com\\\/wp-content\\\/uploads\\\/2026\\\/09\\\/Luxury-Ski-Chalet-Caro-Meribel-External-Winter.jpg\",\"contentUrl\":\"https:\\\/\\\/www.alpleisure.com\\\/wp-content\\\/uploads\\\/2026\\\/09\\\/Luxury-Ski-Chalet-Caro-Meribel-External-Winter.jpg\",\"width\":1200,\"height\":900,\"caption\":\"Luxury Ski Chalet Caro Meribel External Winter\"},{\"@type\":\"BreadcrumbList\",\"@id\":\"https:\\\/\\\/www.alpleisure.com\\\/es\\\/esqui-de-lujo\\\/meribel\\\/chalet\\\/chalet-caro\\\/#breadcrumb\",\"itemListElement\":[{\"@type\":\"ListItem\",\"position\":1,\"name\":\"Home\",\"item\":\"https:\\\/\\\/www.alpleisure.com\\\/\"},{\"@type\":\"ListItem\",\"position\":2,\"name\":\"Accommodation Types\",\"item\":\"https:\\\/\\\/www.alpleisure.com\\\/accommodation\\\/\"},{\"@type\":\"ListItem\",\"position\":3,\"name\":\"Chalet Caro\"}]},{\"@type\":\"WebSite\",\"@id\":\"https:\\\/\\\/www.alpleisure.com\\\/es\\\/#website\",\"url\":\"https:\\\/\\\/www.alpleisure.com\\\/es\\\/\",\"name\":\"Alp Leisure Ltd\",\"description\":\"Private Luxury Chalets\",\"publisher\":{\"@id\":\"https:\\\/\\\/www.alpleisure.com\\\/es\\\/#organization\"},\"potentialAction\":[{\"@type\":\"SearchAction\",\"target\":{\"@type\":\"EntryPoint\",\"urlTemplate\":\"https:\\\/\\\/www.alpleisure.com\\\/es\\\/?s={search_term_string}\"},\"query-input\":{\"@type\":\"PropertyValueSpecification\",\"valueRequired\":true,\"valueName\":\"search_term_string\"}}],\"inLanguage\":\"es\"},{\"@type\":\"Organization\",\"@id\":\"https:\\\/\\\/www.alpleisure.com\\\/es\\\/#organization\",\"name\":\"Alp Leisure Ltd\",\"url\":\"https:\\\/\\\/www.alpleisure.com\\\/es\\\/\",\"logo\":{\"@type\":\"ImageObject\",\"inLanguage\":\"es\",\"@id\":\"https:\\\/\\\/www.alpleisure.com\\\/es\\\/#\\\/schema\\\/logo\\\/image\\\/\",\"url\":\"https:\\\/\\\/www.alpleisure.com\\\/wp-content\\\/uploads\\\/2019\\\/06\\\/Alp-Leisure-Black-e1592823739589.gif\",\"contentUrl\":\"https:\\\/\\\/www.alpleisure.com\\\/wp-content\\\/uploads\\\/2019\\\/06\\\/Alp-Leisure-Black-e1592823739589.gif\",\"width\":1000,\"height\":155,\"caption\":\"Alp Leisure Ltd\"},\"image\":{\"@id\":\"https:\\\/\\\/www.alpleisure.com\\\/es\\\/#\\\/schema\\\/logo\\\/image\\\/\"},\"sameAs\":[\"https:\\\/\\\/www.facebook.com\\\/alpleisureltd\\\/\",\"https:\\\/\\\/x.com\\\/AlpLeisureLtd\",\"https:\\\/\\\/www.instagram.com\\\/alp_leisure_ltd\\\/\",\"https:\\\/\\\/www.linkedin.com\\\/company\\\/5213398\\\/\",\"https:\\\/\\\/www.youtube.com\\\/channel\\\/UCHpxQIr4voEotGnVdeVwRLg\"]}]}<\/script>\n<!-- \/ Yoast SEO plugin. -->","yoast_head_json":{"title":"Chalet Caro - Alp Leisure Ltd","robots":{"index":"index","follow":"follow","max-snippet":"max-snippet:-1","max-image-preview":"max-image-preview:large","max-video-preview":"max-video-preview:-1"},"canonical":"https:\/\/www.alpleisure.com\/es\/esqui-de-lujo\/meribel\/chalet\/chalet-caro\/","og_locale":"es_ES","og_type":"article","og_title":"Chalet Caro - Alp Leisure Ltd","og_description":"This beautifully crafted ski chalet is a stunning new addition to M\u00e9ribel, offering space for up to eight guests. Warm wood panelling and vaulted ceilings create a welcoming Alpine atmosphere, while modern touches add understated sophistication. Imagine soaking in the [&hellip;]","og_url":"https:\/\/www.alpleisure.com\/es\/esqui-de-lujo\/meribel\/chalet\/chalet-caro\/","og_site_name":"Alp Leisure Ltd","article_publisher":"https:\/\/www.facebook.com\/alpleisureltd\/","article_modified_time":"2026-09-03T15:48:44+00:00","og_image":[{"width":1200,"height":900,"url":"https:\/\/www.alpleisure.com\/wp-content\/uploads\/2026\/09\/Luxury-Ski-Chalet-Caro-Meribel-External-Winter.jpg","type":"image\/jpeg"}],"twitter_card":"summary_large_image","twitter_site":"@AlpLeisureLtd","twitter_misc":{"Tiempo de lectura":"2 minutos"},"schema":{"@context":"https:\/\/schema.org","@graph":[{"@type":"WebPage","@id":"https:\/\/www.alpleisure.com\/es\/esqui-de-lujo\/meribel\/chalet\/chalet-caro\/","url":"https:\/\/www.alpleisure.com\/es\/esqui-de-lujo\/meribel\/chalet\/chalet-caro\/","name":"Chalet Caro - Alp Leisure Ltd","isPartOf":{"@id":"https:\/\/www.alpleisure.com\/es\/#website"},"primaryImageOfPage":{"@id":"https:\/\/www.alpleisure.com\/es\/esqui-de-lujo\/meribel\/chalet\/chalet-caro\/#primaryimage"},"image":{"@id":"https:\/\/www.alpleisure.com\/es\/esqui-de-lujo\/meribel\/chalet\/chalet-caro\/#primaryimage"},"thumbnailUrl":"https:\/\/www.alpleisure.com\/wp-content\/uploads\/2026\/09\/Luxury-Ski-Chalet-Caro-Meribel-External-Winter.jpg","datePublished":"2026-09-03T12:54:17+00:00","dateModified":"2026-09-03T15:48:44+00:00","breadcrumb":{"@id":"https:\/\/www.alpleisure.com\/es\/esqui-de-lujo\/meribel\/chalet\/chalet-caro\/#breadcrumb"},"inLanguage":"es","potentialAction":[{"@type":"ReadAction","target":["https:\/\/www.alpleisure.com\/es\/esqui-de-lujo\/meribel\/chalet\/chalet-caro\/"]}]},{"@type":"ImageObject","inLanguage":"es","@id":"https:\/\/www.alpleisure.com\/es\/esqui-de-lujo\/meribel\/chalet\/chalet-caro\/#primaryimage","url":"https:\/\/www.alpleisure.com\/wp-content\/uploads\/2026\/09\/Luxury-Ski-Chalet-Caro-Meribel-External-Winter.jpg","contentUrl":"https:\/\/www.alpleisure.com\/wp-content\/uploads\/2026\/09\/Luxury-Ski-Chalet-Caro-Meribel-External-Winter.jpg","width":1200,"height":900,"caption":"Luxury Ski Chalet Caro Meribel External Winter"},{"@type":"BreadcrumbList","@id":"https:\/\/www.alpleisure.com\/es\/esqui-de-lujo\/meribel\/chalet\/chalet-caro\/#breadcrumb","itemListElement":[{"@type":"ListItem","position":1,"name":"Home","item":"https:\/\/www.alpleisure.com\/"},{"@type":"ListItem","position":2,"name":"Accommodation Types","item":"https:\/\/www.alpleisure.com\/accommodation\/"},{"@type":"ListItem","position":3,"name":"Chalet Caro"}]},{"@type":"WebSite","@id":"https:\/\/www.alpleisure.com\/es\/#website","url":"https:\/\/www.alpleisure.com\/es\/","name":"Alp Leisure Ltd","description":"Chal\u00e9s privados de lujo","publisher":{"@id":"https:\/\/www.alpleisure.com\/es\/#organization"},"potentialAction":[{"@type":"SearchAction","target":{"@type":"EntryPoint","urlTemplate":"https:\/\/www.alpleisure.com\/es\/?s={search_term_string}"},"query-input":{"@type":"PropertyValueSpecification","valueRequired":true,"valueName":"search_term_string"}}],"inLanguage":"es"},{"@type":"Organization","@id":"https:\/\/www.alpleisure.com\/es\/#organization","name":"Alp Leisure Ltd","url":"https:\/\/www.alpleisure.com\/es\/","logo":{"@type":"ImageObject","inLanguage":"es","@id":"https:\/\/www.alpleisure.com\/es\/#\/schema\/logo\/image\/","url":"https:\/\/www.alpleisure.com\/wp-content\/uploads\/2019\/06\/Alp-Leisure-Black-e1592823739589.gif","contentUrl":"https:\/\/www.alpleisure.com\/wp-content\/uploads\/2019\/06\/Alp-Leisure-Black-e1592823739589.gif","width":1000,"height":155,"caption":"Alp Leisure Ltd"},"image":{"@id":"https:\/\/www.alpleisure.com\/es\/#\/schema\/logo\/image\/"},"sameAs":["https:\/\/www.facebook.com\/alpleisureltd\/","https:\/\/x.com\/AlpLeisureLtd","https:\/\/www.instagram.com\/alp_leisure_ltd\/","https:\/\/www.linkedin.com\/company\/5213398\/","https:\/\/www.youtube.com\/channel\/UCHpxQIr4voEotGnVdeVwRLg"]}]}},"permalink_manager":null,"_links":{"self":[{"href":"https:\/\/www.alpleisure.com\/es\/wp-json\/wp\/v2\/mphb_room_type\/49630","targetHints":{"allow":["GET"]}}],"collection":[{"href":"https:\/\/www.alpleisure.com\/es\/wp-json\/wp\/v2\/mphb_room_type"}],"about":[{"href":"https:\/\/www.alpleisure.com\/es\/wp-json\/wp\/v2\/types\/mphb_room_type"}],"replies":[{"embeddable":true,"href":"https:\/\/www.alpleisure.com\/es\/wp-json\/wp\/v2\/comments?post=49630"}],"wp:featuredmedia":[{"embeddable":true,"href":"https:\/\/www.alpleisure.com\/es\/wp-json\/wp\/v2\/media\/49775"}],"wp:attachment":[{"href":"https:\/\/www.alpleisure.com\/es\/wp-json\/wp\/v2\/media?parent=49630"}],"wp:term":[{"taxonomy":"mphb_room_type_category","embeddable":true,"href":"https:\/\/www.alpleisure.com\/es\/wp-json\/wp\/v2\/mphb_room_type_category?post=49630"},{"taxonomy":"mphb_room_type_tag","embeddable":true,"href":"https:\/\/www.alpleisure.com\/es\/wp-json\/wp\/v2\/mphb_room_type_tag?post=49630"},{"taxonomy":"mphb_room_type_facility","embeddable":true,"href":"https:\/\/www.alpleisure.com\/es\/wp-json\/wp\/v2\/mphb_room_type_facility?post=49630"}],"curies":[{"name":"wp","href":"https:\/\/api.w.org\/{rel}","templated":true}]}}